{"id":1823,"date":"2014-08-24T16:09:13","date_gmt":"2014-08-24T16:09:13","guid":{"rendered":"http:\/\/www.verbum.biz\/escuelas-de-espanol\/?page_id=114"},"modified":"2019-06-20T10:56:03","modified_gmt":"2019-06-20T13:56:03","slug":"feedbacks-von-unseren-spanischschulern","status":"publish","type":"page","link":"https:\/\/verbum.biz\/de\/feedbacks-von-unseren-spanischschulern\/","title":{"rendered":"Feedbacks von unseren Spanischsch\u00fclern"},"content":{"rendered":"<div class=\"fusion-fullwidth fullwidth-box fusion-builder-row-1 nonhundred-percent-fullwidth non-hundred-percent-height-scrolling\" style=\"--awb-border-radius-top-left:0px;--awb-border-radius-top-right:0px;--awb-border-radius-bottom-right:0px;--awb-border-radius-bottom-left:0px;--awb-flex-wrap:wrap;\" ><div class=\"fusion-builder-row fusion-row\"><div class=\"fusion-layout-column fusion_builder_column fusion-builder-column-0 fusion_builder_column_1_1 1_1 fusion-one-full fusion-column-first fusion-column-last\" style=\"--awb-bg-size:cover;\"><div class=\"fusion-column-wrapper fusion-column-has-shadow fusion-flex-column-wrapper-legacy\"><div class=\"fusion-blog-shortcode fusion-blog-shortcode-1 fusion-blog-archive fusion-blog-layout-medium-alternate fusion-blog-pagination\"><div class=\"fusion-posts-container fusion-posts-container-pagination fusion-blog-rollover\" data-pages=\"4\"><article id=\"blog-1-post-2649\" class=\"fusion-post-medium-alternate post-2649 post type-post status-publish format-standard hentry category-espanhol-buenos-aires-de category-spanish-buenos-aires-de category-unkategorisiert\">\n<div class=\"fusion-date-and-formats\"><div class=\"fusion-date-box updated\"><span class=\"fusion-date\">22<\/span><span class=\"fusion-month-year\">03, 2019<\/span><\/div><div class=\"fusion-format-box\"><i class=\"awb-icon-pen\" aria-hidden=\"true\"><\/i><\/div><\/div>\t<style type=\"text\/css\">\n\t\t\n\t\t\n\t\t\n\t\t\n\t\t\t<\/style>\n\n\n<div class=\"fusion-post-content post-content\"><h2 class=\"blog-shortcode-post-title entry-title\"><a href=\"https:\/\/verbum.biz\/de\/boludo-bedeutung-argentinisch\/\">Schimpfw\u00f6rter auf Spanisch: Was bedeuteten \u201eboludo\u201d und \u201epelotudo\u201d urspr\u00fcnglich?<\/a><\/h2><p class=\"fusion-single-line-meta\"><span class=\"vcard\" style=\"display: none;\"><span class=\"fn\"><a href=\"https:\/\/verbum.biz\/de\/author\/luis-engaddi\/\" title=\"Beitr\u00e4ge von Marina Boschi\" rel=\"author\">Marina Boschi<\/a><\/span><\/span><span class=\"updated\" style=\"display:none;\">2026-02-16T19:35:43-03:00<\/span><span>M\u00e4rz 22nd, 2019<\/span><span class=\"fusion-inline-sep\">|<\/span>Categories: <a href=\"https:\/\/verbum.biz\/de\/category\/espanhol-buenos-aires-de\/\" rel=\"category tag\">Espanhol \/ Espa\u00f1ol<\/a>, <a href=\"https:\/\/verbum.biz\/de\/category\/spanish-buenos-aires-de\/\" rel=\"category tag\">Spanish \/ Espa\u00f1ol<\/a>, <a href=\"https:\/\/verbum.biz\/de\/category\/unkategorisiert\/\" rel=\"category tag\">Unkategorisiert<\/a><span class=\"fusion-inline-sep\">|<\/span><span class=\"fusion-comments\"><span>Kommentare deaktiviert<span class=\"screen-reader-text\"> f\u00fcr Schimpfw\u00f6rter auf Spanisch: Was bedeuteten \u201eboludo\u201d und \u201epelotudo\u201d urspr\u00fcnglich?<\/span><\/span><\/span><\/p><div class=\"fusion-post-content-container\"><p> \u201eBoludo\u201c und \u201epelotudo\u201c sind Schimpfw\u00f6rter, die in Argentinien speziell f\u00fcr \u201edumm\u201c verwendet werden. Aber woher kommen sie? In den Unabh\u00e4ngigkeitskriegen k\u00e4mpften argentinische Gauchos gegen die spanische Armee. Sie k\u00e4mpften gegen disziplinierte M\u00e4nner, die sich [...]<\/p><\/div><\/div><div class=\"fusion-clearfix\"><\/div><div class=\"fusion-meta-info\"><div class=\"fusion-alignright\"><a class=\"fusion-read-more\" href=\"https:\/\/verbum.biz\/de\/boludo-bedeutung-argentinisch\/\" aria-label=\"More on Schimpfw\u00f6rter auf Spanisch: Was bedeuteten \u201eboludo\u201d und \u201epelotudo\u201d urspr\u00fcnglich?\">Read More<\/a><\/div><\/div><\/article>\n<article id=\"blog-1-post-2677\" class=\"fusion-post-medium-alternate post-2677 post type-post status-publish format-standard hentry category-unkategorisiert\">\n<div class=\"fusion-date-and-formats\"><div class=\"fusion-date-box updated\"><span class=\"fusion-date\">19<\/span><span class=\"fusion-month-year\">03, 2019<\/span><\/div><div class=\"fusion-format-box\"><i class=\"awb-icon-pen\" aria-hidden=\"true\"><\/i><\/div><\/div>\t<style type=\"text\/css\">\n\t\t\n\t\t\n\t\t\n\t\t\n\t\t\t<\/style>\n\n\n<div class=\"fusion-post-content post-content\"><h2 class=\"blog-shortcode-post-title entry-title\"><a href=\"https:\/\/verbum.biz\/de\/the-libreria-de-avila-the-oldest-bookstore-in-buenos-aires-and-a-witness-to-argentine-history\/\">The Librer\u00eda de \u00c1vila: the oldest bookstore in Buenos Aires and a witness to Argentine History<\/a><\/h2><p class=\"fusion-single-line-meta\"><span class=\"vcard\" style=\"display: none;\"><span class=\"fn\"><a href=\"https:\/\/verbum.biz\/de\/author\/luis-engaddi\/\" title=\"Beitr\u00e4ge von Marina Boschi\" rel=\"author\">Marina Boschi<\/a><\/span><\/span><span class=\"updated\" style=\"display:none;\">2019-03-19T12:52:43-03:00<\/span><span>M\u00e4rz 19th, 2019<\/span><span class=\"fusion-inline-sep\">|<\/span>Categories: <a href=\"https:\/\/verbum.biz\/de\/category\/unkategorisiert\/\" rel=\"category tag\">Unkategorisiert<\/a><span class=\"fusion-inline-sep\">|<\/span><span class=\"fusion-comments\"><span>Kommentare deaktiviert<span class=\"screen-reader-text\"> f\u00fcr The Librer\u00eda de \u00c1vila: the oldest bookstore in Buenos Aires and a witness to Argentine History<\/span><\/span><\/span><\/p><div class=\"fusion-post-content-container\"><p>Known today as the \"Library of the College\" was founded in 1785 and continues in front of the school \u201cNacional Buenos Aires\u201d. In the Librer\u00eda de \u00c1vila there are not only avid readers, students looking [...]<\/p><\/div><\/div><div class=\"fusion-clearfix\"><\/div><div class=\"fusion-meta-info\"><div class=\"fusion-alignright\"><a class=\"fusion-read-more\" href=\"https:\/\/verbum.biz\/de\/the-libreria-de-avila-the-oldest-bookstore-in-buenos-aires-and-a-witness-to-argentine-history\/\" aria-label=\"More on The Librer\u00eda de \u00c1vila: the oldest bookstore in Buenos Aires and a witness to Argentine History\">Read More<\/a><\/div><\/div><\/article>\n<article id=\"blog-1-post-2736\" class=\"fusion-post-medium-alternate post-2736 post type-post status-publish format-standard hentry category-unkategorisiert\">\n<div class=\"fusion-date-and-formats\"><div class=\"fusion-date-box updated\"><span class=\"fusion-date\">9<\/span><span class=\"fusion-month-year\">11, 2018<\/span><\/div><div class=\"fusion-format-box\"><i class=\"awb-icon-pen\" aria-hidden=\"true\"><\/i><\/div><\/div>\t<style type=\"text\/css\">\n\t\t\n\t\t\n\t\t\n\t\t\n\t\t\t<\/style>\n\n\n<div class=\"fusion-post-content post-content\"><h2 class=\"blog-shortcode-post-title entry-title\"><a href=\"https:\/\/verbum.biz\/de\/buenos-aires-celebrates-afro\/\">Buenos Aires Celebrates Afro<\/a><\/h2><p class=\"fusion-single-line-meta\"><span class=\"vcard\" style=\"display: none;\"><span class=\"fn\"><a href=\"https:\/\/verbum.biz\/de\/author\/luis-engaddi\/\" title=\"Beitr\u00e4ge von Marina Boschi\" rel=\"author\">Marina Boschi<\/a><\/span><\/span><span class=\"updated\" style=\"display:none;\">2018-11-09T13:26:21-03:00<\/span><span>November 9th, 2018<\/span><span class=\"fusion-inline-sep\">|<\/span>Categories: <a href=\"https:\/\/verbum.biz\/de\/category\/unkategorisiert\/\" rel=\"category tag\">Unkategorisiert<\/a><span class=\"fusion-inline-sep\">|<\/span><span class=\"fusion-comments\"><span>Kommentare deaktiviert<span class=\"screen-reader-text\"> f\u00fcr Buenos Aires Celebrates Afro<\/span><\/span><\/span><\/p><div class=\"fusion-post-content-container\"><p>Buenos Aires Celebrates Afro In 2018 it is on Saturday November 17 from 11 a.m. to 7 p.m. Place: Av. Iraola y Montt (A few meters from Av. Libertador y Sarmiento, Bosques de Palermo). Buenos [...]<\/p><\/div><\/div><div class=\"fusion-clearfix\"><\/div><div class=\"fusion-meta-info\"><div class=\"fusion-alignright\"><a class=\"fusion-read-more\" href=\"https:\/\/verbum.biz\/de\/buenos-aires-celebrates-afro\/\" aria-label=\"More on Buenos Aires Celebrates Afro\">Read More<\/a><\/div><\/div><\/article>\n<article id=\"blog-1-post-2746\" class=\"fusion-post-medium-alternate post-2746 post type-post status-publish format-gallery hentry category-unkategorisiert tag-la-boca-de tag-semana-de-italia-en-buenos-aires-de tag-usina-del-arte-de post_format-post-format-gallery\">\n<div class=\"fusion-date-and-formats\"><div class=\"fusion-date-box updated\"><span class=\"fusion-date\">1<\/span><span class=\"fusion-month-year\">11, 2018<\/span><\/div><div class=\"fusion-format-box\"><i class=\"awb-icon-images\" aria-hidden=\"true\"><\/i><\/div><\/div>\t<style type=\"text\/css\">\n\t\t\n\t\t\n\t\t\n\t\t\n\t\t\t<\/style>\n\n\n<div class=\"fusion-post-content post-content\"><h2 class=\"blog-shortcode-post-title entry-title\"><a href=\"https:\/\/verbum.biz\/de\/week-of-the-italian-food-and-cuisine-in-buenos-aires\/\">Week of the Italian food and cuisine in Buenos Aires<\/a><\/h2><p class=\"fusion-single-line-meta\"><span class=\"vcard\" style=\"display: none;\"><span class=\"fn\"><a href=\"https:\/\/verbum.biz\/de\/author\/luis-engaddi\/\" title=\"Beitr\u00e4ge von Marina Boschi\" rel=\"author\">Marina Boschi<\/a><\/span><\/span><span class=\"updated\" style=\"display:none;\">2018-11-01T13:24:54-03:00<\/span><span>November 1st, 2018<\/span><span class=\"fusion-inline-sep\">|<\/span>Categories: <a href=\"https:\/\/verbum.biz\/de\/category\/unkategorisiert\/\" rel=\"category tag\">Unkategorisiert<\/a><span class=\"fusion-inline-sep\">|<\/span><span class=\"meta-tags\">Tags: <a href=\"https:\/\/verbum.biz\/de\/tag\/la-boca-de\/\" rel=\"tag\">La Boca<\/a>, <a href=\"https:\/\/verbum.biz\/de\/tag\/semana-de-italia-en-buenos-aires-de\/\" rel=\"tag\">Semana de Italia en Buenos Aires<\/a>, <a href=\"https:\/\/verbum.biz\/de\/tag\/usina-del-arte-de\/\" rel=\"tag\">Usina del Arte<\/a><\/span><span class=\"fusion-inline-sep\">|<\/span><span class=\"fusion-comments\"><span>Kommentare deaktiviert<span class=\"screen-reader-text\"> f\u00fcr Week of the Italian food and cuisine in Buenos Aires<\/span><\/span><\/span><\/p><div class=\"fusion-post-content-container\"><p>As every year during this week we celebrate the week of the Italian food in Buenos Aires. The sixth edition of the Week of the Italian Cuisine of Buenos Aires will come to an end [...]<\/p><\/div><\/div><div class=\"fusion-clearfix\"><\/div><div class=\"fusion-meta-info\"><div class=\"fusion-alignright\"><a class=\"fusion-read-more\" href=\"https:\/\/verbum.biz\/de\/week-of-the-italian-food-and-cuisine-in-buenos-aires\/\" aria-label=\"More on Week of the Italian food and cuisine in Buenos Aires\">Read More<\/a><\/div><\/div><\/article>\n<article id=\"blog-1-post-2726\" class=\"fusion-post-medium-alternate post-2726 post type-post status-publish format-standard hentry category-unkategorisiert\">\n<div class=\"fusion-date-and-formats\"><div class=\"fusion-date-box updated\"><span class=\"fusion-date\">1<\/span><span class=\"fusion-month-year\">11, 2018<\/span><\/div><div class=\"fusion-format-box\"><i class=\"awb-icon-pen\" aria-hidden=\"true\"><\/i><\/div><\/div>\t<style type=\"text\/css\">\n\t\t\n\t\t\n\t\t\n\t\t\n\t\t\t<\/style>\n\n\n<div class=\"fusion-post-content post-content\"><h2 class=\"blog-shortcode-post-title entry-title\"><a href=\"https:\/\/verbum.biz\/de\/enjoy-av-de-mayo-on-this-saturday-food-and-activities\/\">Enjoy Av. de Mayo on this Saturday: food and activities<\/a><\/h2><p class=\"fusion-single-line-meta\"><span class=\"vcard\" style=\"display: none;\"><span class=\"fn\"><a href=\"https:\/\/verbum.biz\/de\/author\/luis-engaddi\/\" title=\"Beitr\u00e4ge von Marina Boschi\" rel=\"author\">Marina Boschi<\/a><\/span><\/span><span class=\"updated\" style=\"display:none;\">2018-11-01T13:14:37-03:00<\/span><span>November 1st, 2018<\/span><span class=\"fusion-inline-sep\">|<\/span>Categories: <a href=\"https:\/\/verbum.biz\/de\/category\/unkategorisiert\/\" rel=\"category tag\">Unkategorisiert<\/a><span class=\"fusion-inline-sep\">|<\/span><span class=\"fusion-comments\"><span>Kommentare deaktiviert<span class=\"screen-reader-text\"> f\u00fcr Enjoy Av. de Mayo on this Saturday: food and activities<\/span><\/span><\/span><\/p><div class=\"fusion-post-content-container\"><p>On this Saturday, November 3, from 12 pm to 9 pm, on Avenida de Mayo, between Bol\u00edvar st. and Chacabuco st. you will have the opportunity to enjoy many activities . There will be more [...]<\/p><\/div><\/div><div class=\"fusion-clearfix\"><\/div><div class=\"fusion-meta-info\"><div class=\"fusion-alignright\"><a class=\"fusion-read-more\" href=\"https:\/\/verbum.biz\/de\/enjoy-av-de-mayo-on-this-saturday-food-and-activities\/\" aria-label=\"More on Enjoy Av. de Mayo on this Saturday: food and activities\">Read More<\/a><\/div><\/div><\/article>\n<article id=\"blog-1-post-2708\" class=\"fusion-post-medium-alternate post-2708 post type-post status-publish format-gallery hentry category-unkategorisiert post_format-post-format-gallery\">\n<div class=\"fusion-date-and-formats\"><div class=\"fusion-date-box updated\"><span class=\"fusion-date\">1<\/span><span class=\"fusion-month-year\">11, 2018<\/span><\/div><div class=\"fusion-format-box\"><i class=\"awb-icon-images\" aria-hidden=\"true\"><\/i><\/div><\/div>\t<style type=\"text\/css\">\n\t\t\n\t\t\n\t\t\n\t\t\n\t\t\t<\/style>\n\n\n<div class=\"fusion-post-content post-content\"><h2 class=\"blog-shortcode-post-title entry-title\"><a href=\"https:\/\/verbum.biz\/de\/november-2nd-day-of-the-dead-ones-at-eduardo-sivori-museum\/\">November 2nd: day of the dead ones at Eduardo Sivori Museum<\/a><\/h2><p class=\"fusion-single-line-meta\"><span class=\"vcard\" style=\"display: none;\"><span class=\"fn\"><a href=\"https:\/\/verbum.biz\/de\/author\/luis-engaddi\/\" title=\"Beitr\u00e4ge von Marina Boschi\" rel=\"author\">Marina Boschi<\/a><\/span><\/span><span class=\"updated\" style=\"display:none;\">2018-11-01T13:00:08-03:00<\/span><span>November 1st, 2018<\/span><span class=\"fusion-inline-sep\">|<\/span>Categories: <a href=\"https:\/\/verbum.biz\/de\/category\/unkategorisiert\/\" rel=\"category tag\">Unkategorisiert<\/a><span class=\"fusion-inline-sep\">|<\/span><span class=\"fusion-comments\"><span>Kommentare deaktiviert<span class=\"screen-reader-text\"> f\u00fcr November 2nd: day of the dead ones at Eduardo Sivori Museum<\/span><\/span><\/span><\/p><div class=\"fusion-post-content-container\"><p>Buenos Aires celebrates this Mexican tradition. On Friday, November 2, we will celebrate the Day of Saints and the Dead with a performance by the artist Ariadna Pastorini that will bring together more than 80 [...]<\/p><\/div><\/div><div class=\"fusion-clearfix\"><\/div><div class=\"fusion-meta-info\"><div class=\"fusion-alignright\"><a class=\"fusion-read-more\" href=\"https:\/\/verbum.biz\/de\/november-2nd-day-of-the-dead-ones-at-eduardo-sivori-museum\/\" aria-label=\"More on November 2nd: day of the dead ones at Eduardo Sivori Museum\">Read More<\/a><\/div><\/div><\/article>\n<article id=\"blog-1-post-2752\" class=\"fusion-post-medium-alternate post-2752 post type-post status-publish format-image hentry category-unkategorisiert post_format-post-format-image\">\n<div class=\"fusion-date-and-formats\"><div class=\"fusion-date-box updated\"><span class=\"fusion-date\">23<\/span><span class=\"fusion-month-year\">10, 2018<\/span><\/div><div class=\"fusion-format-box\"><i class=\"awb-icon-image\" aria-hidden=\"true\"><\/i><\/div><\/div>\t<style type=\"text\/css\">\n\t\t\n\t\t\n\t\t\n\t\t\n\t\t\t<\/style>\n\n\n<div class=\"fusion-post-content post-content\"><h2 class=\"blog-shortcode-post-title entry-title\"><a href=\"https:\/\/verbum.biz\/de\/the-colon-theater-considered-as-the-best-in-the-world\/\">The Col\u00f3n Theater, considered as the best in the world<\/a><\/h2><p class=\"fusion-single-line-meta\"><span class=\"vcard\" style=\"display: none;\"><span class=\"fn\"><a href=\"https:\/\/verbum.biz\/de\/author\/luis-engaddi\/\" title=\"Beitr\u00e4ge von Marina Boschi\" rel=\"author\">Marina Boschi<\/a><\/span><\/span><span class=\"updated\" style=\"display:none;\">2018-10-23T13:39:03-03:00<\/span><span>Oktober 23rd, 2018<\/span><span class=\"fusion-inline-sep\">|<\/span>Categories: <a href=\"https:\/\/verbum.biz\/de\/category\/unkategorisiert\/\" rel=\"category tag\">Unkategorisiert<\/a><span class=\"fusion-inline-sep\">|<\/span><span class=\"fusion-comments\"><span>Kommentare deaktiviert<span class=\"screen-reader-text\"> f\u00fcr The Col\u00f3n Theater, considered as the best in the world<\/span><\/span><\/span><\/p><div class=\"fusion-post-content-container\"><p>It is already known that the Teatro Col\u00f3n is one of the most pondered lyrical spaces in the world. But now one of the two most important Italian sites in terms of cultural tourism suggests, [...]<\/p><\/div><\/div><div class=\"fusion-clearfix\"><\/div><div class=\"fusion-meta-info\"><div class=\"fusion-alignright\"><a class=\"fusion-read-more\" href=\"https:\/\/verbum.biz\/de\/the-colon-theater-considered-as-the-best-in-the-world\/\" aria-label=\"More on The Col\u00f3n Theater, considered as the best in the world\">Read More<\/a><\/div><\/div><\/article>\n<article id=\"blog-1-post-2710\" class=\"fusion-post-medium-alternate post-2710 post type-post status-publish format-gallery hentry category-unkategorisiert tag-noche-de-los-museos-2018-de post_format-post-format-gallery\">\n<div class=\"fusion-date-and-formats\"><div class=\"fusion-date-box updated\"><span class=\"fusion-date\">17<\/span><span class=\"fusion-month-year\">10, 2018<\/span><\/div><div class=\"fusion-format-box\"><i class=\"awb-icon-images\" aria-hidden=\"true\"><\/i><\/div><\/div>\t<style type=\"text\/css\">\n\t\t\n\t\t\n\t\t\n\t\t\n\t\t\t<\/style>\n\n\n<div class=\"fusion-post-content post-content\"><h2 class=\"blog-shortcode-post-title entry-title\"><a href=\"https:\/\/verbum.biz\/de\/the-night-of-the-museums-in-buenos-aires-2018\/\">The night of the museums in Buenos Aires, 2018<\/a><\/h2><p class=\"fusion-single-line-meta\"><span class=\"vcard\" style=\"display: none;\"><span class=\"fn\"><a href=\"https:\/\/verbum.biz\/de\/author\/luis-engaddi\/\" title=\"Beitr\u00e4ge von Marina Boschi\" rel=\"author\">Marina Boschi<\/a><\/span><\/span><span class=\"updated\" style=\"display:none;\">2018-10-17T12:42:08-03:00<\/span><span>Oktober 17th, 2018<\/span><span class=\"fusion-inline-sep\">|<\/span>Categories: <a href=\"https:\/\/verbum.biz\/de\/category\/unkategorisiert\/\" rel=\"category tag\">Unkategorisiert<\/a><span class=\"fusion-inline-sep\">|<\/span><span class=\"meta-tags\">Tags: <a href=\"https:\/\/verbum.biz\/de\/tag\/noche-de-los-museos-2018-de\/\" rel=\"tag\">Noche de los museos 2018<\/a><\/span><span class=\"fusion-inline-sep\">|<\/span><span class=\"fusion-comments\"><span>Kommentare deaktiviert<span class=\"screen-reader-text\"> f\u00fcr The night of the museums in Buenos Aires, 2018<\/span><\/span><\/span><\/p><div class=\"fusion-post-content-container\"><p>Every year the Night of the Museums returns to Buenos Aires city. This year there are more than 200 museums that participate. The 2018 edition will once again bring together thousands of residents and tourists [...]<\/p><\/div><\/div><div class=\"fusion-clearfix\"><\/div><div class=\"fusion-meta-info\"><div class=\"fusion-alignright\"><a class=\"fusion-read-more\" href=\"https:\/\/verbum.biz\/de\/the-night-of-the-museums-in-buenos-aires-2018\/\" aria-label=\"More on The night of the museums in Buenos Aires, 2018\">Read More<\/a><\/div><\/div><\/article>\n<article id=\"blog-1-post-2762\" class=\"fusion-post-medium-alternate post-2762 post type-post status-publish format-standard hentry category-tango-de category-unkategorisiert tag-mayoral-y-elsa-maria-de tag-tango-de tag-tango-buenos-aires-de\">\n<div class=\"fusion-date-and-formats\"><div class=\"fusion-date-box updated\"><span class=\"fusion-date\">16<\/span><span class=\"fusion-month-year\">10, 2018<\/span><\/div><div class=\"fusion-format-box\"><i class=\"awb-icon-pen\" aria-hidden=\"true\"><\/i><\/div><\/div>\t<style type=\"text\/css\">\n\t\t\n\t\t\n\t\t\n\t\t\n\t\t\t<\/style>\n\n\n<div class=\"fusion-post-content post-content\"><h2 class=\"blog-shortcode-post-title entry-title\"><a href=\"https:\/\/verbum.biz\/de\/tango-show-at-mayoral-and-elsa-maria-center-in-buenos-aires\/\">Tango show at Mayoral and Elsa Mar\u00eda Center in Buenos Aires<\/a><\/h2><p class=\"fusion-single-line-meta\"><span class=\"vcard\" style=\"display: none;\"><span class=\"fn\"><a href=\"https:\/\/verbum.biz\/de\/author\/luis-engaddi\/\" title=\"Beitr\u00e4ge von Marina Boschi\" rel=\"author\">Marina Boschi<\/a><\/span><\/span><span class=\"updated\" style=\"display:none;\">2018-10-16T11:30:08-03:00<\/span><span>Oktober 16th, 2018<\/span><span class=\"fusion-inline-sep\">|<\/span>Categories: <a href=\"https:\/\/verbum.biz\/de\/category\/tango-de\/\" rel=\"category tag\">Tango<\/a>, <a href=\"https:\/\/verbum.biz\/de\/category\/unkategorisiert\/\" rel=\"category tag\">Unkategorisiert<\/a><span class=\"fusion-inline-sep\">|<\/span><span class=\"meta-tags\">Tags: <a href=\"https:\/\/verbum.biz\/de\/tag\/mayoral-y-elsa-maria-de\/\" rel=\"tag\">Mayoral y Elsa Maria<\/a>, <a href=\"https:\/\/verbum.biz\/de\/tag\/tango-de\/\" rel=\"tag\">Tango<\/a>, <a href=\"https:\/\/verbum.biz\/de\/tag\/tango-buenos-aires-de\/\" rel=\"tag\">Tango Buenos Aires<\/a><\/span><span class=\"fusion-inline-sep\">|<\/span><span class=\"fusion-comments\"><span>Kommentare deaktiviert<span class=\"screen-reader-text\"> f\u00fcr Tango show at Mayoral and Elsa Mar\u00eda Center in Buenos Aires<\/span><\/span><\/span><\/p><div class=\"fusion-post-content-container\"><p>Do you like tango? If yes, this is a really good free option! Saturday, October 20 at 9:30 p.m. at the \"Mayoral Cultural Center and Elsa Maria\" there will be performances, shows and surprises. Dress [...]<\/p><\/div><\/div><div class=\"fusion-clearfix\"><\/div><div class=\"fusion-meta-info\"><div class=\"fusion-alignright\"><a class=\"fusion-read-more\" href=\"https:\/\/verbum.biz\/de\/tango-show-at-mayoral-and-elsa-maria-center-in-buenos-aires\/\" aria-label=\"More on Tango show at Mayoral and Elsa Mar\u00eda Center in Buenos Aires\">Read More<\/a><\/div><\/div><\/article>\n<article id=\"blog-1-post-2767\" class=\"fusion-post-medium-alternate post-2767 post type-post status-publish format-standard hentry category-unkategorisiert\">\n<div class=\"fusion-date-and-formats\"><div class=\"fusion-date-box updated\"><span class=\"fusion-date\">12<\/span><span class=\"fusion-month-year\">10, 2018<\/span><\/div><div class=\"fusion-format-box\"><i class=\"awb-icon-pen\" aria-hidden=\"true\"><\/i><\/div><\/div>\t<style type=\"text\/css\">\n\t\t\n\t\t\n\t\t\n\t\t\n\t\t\t<\/style>\n\n\n<div class=\"fusion-post-content post-content\"><h2 class=\"blog-shortcode-post-title entry-title\"><a href=\"https:\/\/verbum.biz\/de\/la-boheme-opera-at-colon-theater-in-buenos-aires\/\">La Boh\u00e8me Opera at Col\u00f3n Theater in Buenos Aires<\/a><\/h2><p class=\"fusion-single-line-meta\"><span class=\"vcard\" style=\"display: none;\"><span class=\"fn\"><a href=\"https:\/\/verbum.biz\/de\/author\/luis-engaddi\/\" title=\"Beitr\u00e4ge von Marina Boschi\" rel=\"author\">Marina Boschi<\/a><\/span><\/span><span class=\"updated\" style=\"display:none;\">2018-10-12T12:11:52-03:00<\/span><span>Oktober 12th, 2018<\/span><span class=\"fusion-inline-sep\">|<\/span>Categories: <a href=\"https:\/\/verbum.biz\/de\/category\/unkategorisiert\/\" rel=\"category tag\">Unkategorisiert<\/a><span class=\"fusion-inline-sep\">|<\/span><span class=\"fusion-comments\"><span>Kommentare deaktiviert<span class=\"screen-reader-text\"> f\u00fcr La Boh\u00e8me Opera at Col\u00f3n Theater in Buenos Aires<\/span><\/span><\/span><\/p><div class=\"fusion-post-content-container\"><p>After having performed at the historic reopening of the Teatro Col\u00f3n in May 2010, La Boh\u00e8me -one of the most represented operas in the world- returns to the stage of our first coliseum starting on [...]<\/p><\/div><\/div><div class=\"fusion-clearfix\"><\/div><div class=\"fusion-meta-info\"><div class=\"fusion-alignright\"><a class=\"fusion-read-more\" href=\"https:\/\/verbum.biz\/de\/la-boheme-opera-at-colon-theater-in-buenos-aires\/\" aria-label=\"More on La Boh\u00e8me Opera at Col\u00f3n Theater in Buenos Aires\">Read More<\/a><\/div><\/div><\/article>\n<\/div><div class=\"pagination clearfix\"><span class=\"current\">1<\/span><a href=\"https:\/\/verbum.biz\/de\/wp-json\/wp\/v2\/pages\/1823\/page\/2\/\" class=\"inactive\">2<\/a><a class=\"pagination-next\" rel=\"next\" href=\"https:\/\/verbum.biz\/de\/wp-json\/wp\/v2\/pages\/1823\/page\/2\/\"><span class=\"page-text\">Next<\/span><span class=\"page-next\"><\/span><\/a><\/div><div class=\"fusion-clearfix\"><\/div><\/div><div class=\"fusion-clearfix\"><\/div><\/div><\/div><\/div><\/div>\n","protected":false},"excerpt":{"rendered":"","protected":false},"author":1,"featured_media":0,"parent":0,"menu_order":0,"comment_status":"open","ping_status":"closed","template":"","meta":{"footnotes":""},"class_list":["post-1823","page","type-page","status-publish","hentry"],"_links":{"self":[{"href":"https:\/\/verbum.biz\/de\/wp-json\/wp\/v2\/pages\/1823","targetHints":{"allow":["GET"]}}],"collection":[{"href":"https:\/\/verbum.biz\/de\/wp-json\/wp\/v2\/pages"}],"about":[{"href":"https:\/\/verbum.biz\/de\/wp-json\/wp\/v2\/types\/page"}],"author":[{"embeddable":true,"href":"https:\/\/verbum.biz\/de\/wp-json\/wp\/v2\/users\/1"}],"replies":[{"embeddable":true,"href":"https:\/\/verbum.biz\/de\/wp-json\/wp\/v2\/comments?post=1823"}],"version-history":[{"count":3,"href":"https:\/\/verbum.biz\/de\/wp-json\/wp\/v2\/pages\/1823\/revisions"}],"predecessor-version":[{"id":2966,"href":"https:\/\/verbum.biz\/de\/wp-json\/wp\/v2\/pages\/1823\/revisions\/2966"}],"wp:attachment":[{"href":"https:\/\/verbum.biz\/de\/wp-json\/wp\/v2\/media?parent=1823"}],"curies":[{"name":"wp","href":"https:\/\/api.w.org\/{rel}","templated":true}]}}